{"id":2,"date":"2012-01-27T13:39:28","date_gmt":"2012-01-27T13:39:28","guid":{"rendered":"http:\/\/www.felmis.ch\/de\/?page_id=2"},"modified":"2025-07-25T07:18:32","modified_gmt":"2025-07-25T07:18:32","slug":"hotel-mit-klimaanlage","status":"publish","type":"page","link":"https:\/\/www.felmis.ch\/de\/hotel-mit-klimaanlage\/","title":{"rendered":"Hotel"},"content":{"rendered":"<h2>Willkommen im Hotel Felmis<\/h2>\n<p>&nbsp;<\/p>\n<p style=\"text-align: justify;\">Das Hotel verf\u00fcgt \u00fcber 28 modern ausgestattete <strong>non smoking<\/strong> Hotelzimmer.<br \/>\nAlle unsere Hotelzimmer verf\u00fcgen\u00a0\u00fcber\u00a0Klimaanlage.<br \/>\nEs pr\u00e4sentiert sich Ihnen eine unvergesslich sch\u00f6ne Sicht auf die Zentralschweizer Berge.<\/p>\n<div style=\"width: 1170px;\" class=\"wp-video\"><video class=\"wp-video-shortcode\" id=\"video-2-1\" width=\"1170\" height=\"658\" preload=\"metadata\" controls=\"controls\"><source type=\"video\/mp4\" src=\"https:\/\/www.felmis.ch\/de\/wp-content\/uploads\/Hotel-Restaurant-Felmis-Horw-Luzern_short.mp4?_=1\" \/><a href=\"https:\/\/www.felmis.ch\/de\/wp-content\/uploads\/Hotel-Restaurant-Felmis-Horw-Luzern_short.mp4\">https:\/\/www.felmis.ch\/de\/wp-content\/uploads\/Hotel-Restaurant-Felmis-Horw-Luzern_short.mp4<\/a><\/video><\/div>\n<p>&nbsp;<\/p>\n<table border=\"0\" width=\"311\" align=\"left\">\n<tbody>\n<tr>\n<td colspan=\"2\">\n<div align=\"left\"><strong>Nebensaison 01.10. &#8211; 30.04.<\/strong><\/div>\n<\/td>\n<\/tr>\n<tr>\n<td width=\"188\">\n<div align=\"left\">Einzelzimmer<\/div>\n<\/td>\n<td width=\"113\">\n<div align=\"left\">sfr. 140.00<\/div>\n<\/td>\n<\/tr>\n<tr>\n<td>\n<div align=\"left\">Doppelzimmer<\/div>\n<\/td>\n<td>\n<div align=\"left\">sfr. 200.00<\/div>\n<\/td>\n<\/tr>\n<tr>\n<td>\n<div align=\"left\">Doppelzimmer superior<\/div>\n<\/td>\n<td>\n<div align=\"left\">sfr. 230.00<\/div>\n<\/td>\n<\/tr>\n<tr>\n<td>Dreibettzimmer<\/td>\n<td>auf Anfrage<\/td>\n<\/tr>\n<\/tbody>\n<\/table>\n<p>&nbsp;<\/p>\n<table border=\"0\" width=\"311\" align=\"left\">\n<tbody>\n<tr>\n<td colspan=\"2\">\n<div align=\"left\"><strong>Hochsaison 01.05. \u2013 30.09.<\/strong><\/div>\n<\/td>\n<\/tr>\n<tr>\n<td width=\"188\">\n<div align=\"left\">Einzelzimmer<\/div>\n<\/td>\n<td width=\"113\">\n<div align=\"left\">sfr. 140.00<\/div>\n<\/td>\n<\/tr>\n<tr>\n<td>\n<div align=\"left\">Doppelzimmer<\/div>\n<\/td>\n<td>\n<div align=\"left\">sfr. 230.00<\/div>\n<\/td>\n<\/tr>\n<tr>\n<td>\n<div align=\"left\">Doppelzimmer superior<\/div>\n<\/td>\n<td>\n<div align=\"left\">sfr. 280.00<\/div>\n<\/td>\n<\/tr>\n<tr>\n<td>Dreibettzimmer<\/td>\n<td>auf Anfrage<\/td>\n<\/tr>\n<\/tbody>\n<\/table>\n<p>Haustiere (nicht in allen Zimmern erlaubt) sfr. 20.00<\/p>\n<p>Zimmerpreise inklusive Fr\u00fchst\u00fccksbuffet und Mehrwertsteuer<\/p>\n<p>Tempor\u00e4re Preis\u00e4nderungen bleiben vorbehalten.<\/p>\n<table border=\"0\" width=\"311\" align=\"left\">\n<tbody>\n<tr>\n<td>\u00a0<a title=\"Online Booking\" href=\"https:\/\/www.simplebooking.it\/ibe2\/hotel\/10970?lang=DE&amp;cur=CHF\"><img decoding=\"async\" class=\"aligncenter wp-image-444 size-full\" title=\"Online buchen\" src=\"https:\/\/www.felmis.ch\/de\/wp-content\/uploads\/booking.gif\" alt=\"\" width=\"135\" height=\"30\" \/><\/a><\/td>\n<\/tr>\n<\/tbody>\n<\/table>\n<p>&nbsp;<\/p>\n<table border=\"0\" width=\"234\" align=\"left\">\n<tbody>\n<tr>\n<td width=\"94\">\n<div align=\"left\">Check-in:<\/div>\n<\/td>\n<td width=\"130\">\n<div align=\"left\">15:00 &#8211; 21:00<\/div>\n<\/td>\n<\/tr>\n<tr>\n<td>\n<div align=\"left\">Check-out:<\/div>\n<\/td>\n<td>\n<div align=\"left\">07:00 &#8211; 10:30<\/div>\n<\/td>\n<\/tr>\n<\/tbody>\n<\/table>\n<p>Sp\u00e4tanreisen nach Absprache m\u00f6glich<\/p>\n<p>Finden Sie heraus, was unsere G\u00e4ste \u00fcber das Hotel Felmis denken. Gehen Sie zu den <a title=\"Guest Reviews\" href=\"https:\/\/www.felmis.ch\/de\/guest-reviews\" target=\"_blank\" rel=\"noopener\">Guest Reviews<\/a>.<\/p>\n<p><strong>Zimmerausstattung in allen Zimmern<br \/>\n<\/strong><\/p>\n<p><img decoding=\"async\" class=\"alignnone wp-image-637\" style=\"width: 101px; height: 98px;\" src=\"https:\/\/www.felmis.ch\/de\/wp-content\/uploads\/Free-WIFI-150x150.jpg\" alt=\"Free WIFI\" width=\"120\" height=\"120\" srcset=\"https:\/\/www.felmis.ch\/de\/wp-content\/uploads\/Free-WIFI-150x150.jpg 150w, https:\/\/www.felmis.ch\/de\/wp-content\/uploads\/Free-WIFI.jpg 225w\" sizes=\"(max-width: 120px) 100vw, 120px\" \/>\u00a0\u00a0\u00a0\u00a0\u00a0\u00a0\u00a0\u00a0 <img decoding=\"async\" class=\"alignnone wp-image-988 size-full\" src=\"https:\/\/www.felmis.ch\/de\/wp-content\/uploads\/klimaanlagen_service_piktogramm.jpg\" alt=\"klimaanlagen_service_piktogramm\" width=\"120\" height=\"120\" \/>\u00a0 \u00a0 \u00a0 \u00a0 <img loading=\"lazy\" decoding=\"async\" class=\"wp-image-639\" src=\"https:\/\/www.felmis.ch\/de\/wp-content\/uploads\/Parking.jpg\" alt=\"\" width=\"120\" height=\"120\" srcset=\"https:\/\/www.felmis.ch\/de\/wp-content\/uploads\/Parking.jpg 225w, https:\/\/www.felmis.ch\/de\/wp-content\/uploads\/Parking-150x150.jpg 150w\" sizes=\"(max-width: 120px) 100vw, 120px\" \/> Gratis Parkpl\u00e4tze f\u00fcr G\u00e4ste<\/p>\n<ul>\n<li>Dusche<\/li>\n<li>WC<\/li>\n<li>Telefon<\/li>\n<li>Flat-TV<\/li>\n<li>Safe<\/li>\n<li>Haartrockner<\/li>\n<li>Sicherheitst\u00fcrschloss mit KeyCard<\/li>\n<li>Parkm\u00f6glichkeiten (kostenlos)<\/li>\n<\/ul>\n<p><strong>Kindererm\u00e4ssigung:<\/strong><br \/>\nKinder unter 3 Jahren bezahlen keinen Aufpreis im Babybett.<br \/>\nKinder unter 6 Jahren bezahlen keinen Aufpreis in einen der vorhandenen Betten<br \/>\n(mit Zustellbett CHF 50.00).<br \/>\n\u00c4ltere Kinder oder Erwachsene zahlen CHF 50.00 pro \u00dcbernachtung pro Person f\u00fcr Zustellbetten.<br \/>\nZustellbetten und Babybetten auf Anfrage. Diese m\u00fcssen vom Hotel best\u00e4tigt werden.<\/p>\n<p>Das Hotel beh\u00e4lt sich das Recht vor, Gruppen zu den gleichen Annullationsfristen<br \/>\nwie die des Reiseveranstalters wieder zu annullieren.<\/p>\n<p><a title=\"AGB - terms and conditions\" href=\"https:\/\/www.felmis.ch\/de\/wp-content\/uploads\/AGB-Felmis-Deutsch-Englisch.pdf\" target=\"_blank\" rel=\"noopener\">AGBs &#8211; terms and conditions<\/a><\/p>\n","protected":false},"excerpt":{"rendered":"<p>Willkommen im Hotel Felmis &nbsp; Das Hotel verf\u00fcgt \u00fcber 28 modern ausgestattete non smoking Hotelzimmer. Alle unsere Hotelzimmer verf\u00fcgen\u00a0\u00fcber\u00a0Klimaanlage. Es pr\u00e4sentiert sich [&hellip;]<\/p>\n","protected":false},"author":1,"featured_media":0,"parent":0,"menu_order":20,"comment_status":"closed","ping_status":"closed","template":"","meta":{"footnotes":""},"class_list":["post-2","page","type-page","status-publish","hentry"],"yoast_head":"<!-- This site is optimized with the Yoast SEO plugin v27.3 - https:\/\/yoast.com\/product\/yoast-seo-wordpress\/ -->\n<title>Hotel Felmis in Horw bei Luzern - mit Klimaanlage<\/title>\n<meta name=\"description\" content=\"Das Hotel verf\u00fcgt \u00fcber 28 modern ausgestattete Nichtraucher-Hotelzimmer mit Klimaanlage. Nahe dem Ausstellungsgel\u00e4nde Allmend Luzern\" \/>\n<meta name=\"robots\" content=\"index, follow, max-snippet:-1, max-image-preview:large, max-video-preview:-1\" \/>\n<link rel=\"canonical\" href=\"https:\/\/www.felmis.ch\/de\/hotel-mit-klimaanlage\/\" \/>\n<meta property=\"og:locale\" content=\"de_DE\" \/>\n<meta property=\"og:type\" content=\"article\" \/>\n<meta property=\"og:title\" content=\"Hotel Felmis in Horw bei Luzern - mit Klimaanlage\" \/>\n<meta property=\"og:description\" content=\"Das Hotel verf\u00fcgt \u00fcber 28 modern ausgestattete Nichtraucher-Hotelzimmer mit Klimaanlage. Nahe dem Ausstellungsgel\u00e4nde Allmend Luzern\" \/>\n<meta property=\"og:url\" content=\"https:\/\/www.felmis.ch\/de\/hotel-mit-klimaanlage\/\" \/>\n<meta property=\"og:site_name\" content=\"Hotel Felmis\" \/>\n<meta property=\"article:publisher\" content=\"http:\/\/www.facebook.com\/hotel.felmis\" \/>\n<meta property=\"article:modified_time\" content=\"2025-07-25T07:18:32+00:00\" \/>\n<meta property=\"og:image\" content=\"https:\/\/www.felmis.ch\/de\/wp-content\/uploads\/booking.gif\" \/>\n\t<meta property=\"og:image:width\" content=\"135\" \/>\n\t<meta property=\"og:image:height\" content=\"30\" \/>\n\t<meta property=\"og:image:type\" content=\"image\/gif\" \/>\n<meta name=\"twitter:card\" content=\"summary_large_image\" \/>\n<meta name=\"twitter:label1\" content=\"Gesch\u00e4tzte Lesezeit\" \/>\n\t<meta name=\"twitter:data1\" content=\"2\u00a0Minuten\" \/>\n<script type=\"application\/ld+json\" class=\"yoast-schema-graph\">{\"@context\":\"https:\\\/\\\/schema.org\",\"@graph\":[{\"@type\":\"WebPage\",\"@id\":\"https:\\\/\\\/www.felmis.ch\\\/de\\\/hotel-mit-klimaanlage\\\/\",\"url\":\"https:\\\/\\\/www.felmis.ch\\\/de\\\/hotel-mit-klimaanlage\\\/\",\"name\":\"Hotel Felmis in Horw bei Luzern - mit Klimaanlage\",\"isPartOf\":{\"@id\":\"https:\\\/\\\/www.felmis.ch\\\/de\\\/#website\"},\"primaryImageOfPage\":{\"@id\":\"https:\\\/\\\/www.felmis.ch\\\/de\\\/hotel-mit-klimaanlage\\\/#primaryimage\"},\"image\":{\"@id\":\"https:\\\/\\\/www.felmis.ch\\\/de\\\/hotel-mit-klimaanlage\\\/#primaryimage\"},\"thumbnailUrl\":\"https:\\\/\\\/www.felmis.ch\\\/de\\\/wp-content\\\/uploads\\\/booking.gif\",\"datePublished\":\"2012-01-27T13:39:28+00:00\",\"dateModified\":\"2025-07-25T07:18:32+00:00\",\"description\":\"Das Hotel verf\u00fcgt \u00fcber 28 modern ausgestattete Nichtraucher-Hotelzimmer mit Klimaanlage. Nahe dem Ausstellungsgel\u00e4nde Allmend Luzern\",\"breadcrumb\":{\"@id\":\"https:\\\/\\\/www.felmis.ch\\\/de\\\/hotel-mit-klimaanlage\\\/#breadcrumb\"},\"inLanguage\":\"de\",\"potentialAction\":[{\"@type\":\"ReadAction\",\"target\":[\"https:\\\/\\\/www.felmis.ch\\\/de\\\/hotel-mit-klimaanlage\\\/\"]}]},{\"@type\":\"ImageObject\",\"inLanguage\":\"de\",\"@id\":\"https:\\\/\\\/www.felmis.ch\\\/de\\\/hotel-mit-klimaanlage\\\/#primaryimage\",\"url\":\"https:\\\/\\\/www.felmis.ch\\\/de\\\/wp-content\\\/uploads\\\/booking.gif\",\"contentUrl\":\"https:\\\/\\\/www.felmis.ch\\\/de\\\/wp-content\\\/uploads\\\/booking.gif\",\"width\":\"135\",\"height\":\"30\"},{\"@type\":\"BreadcrumbList\",\"@id\":\"https:\\\/\\\/www.felmis.ch\\\/de\\\/hotel-mit-klimaanlage\\\/#breadcrumb\",\"itemListElement\":[{\"@type\":\"ListItem\",\"position\":1,\"name\":\"Home\",\"item\":\"https:\\\/\\\/www.felmis.ch\\\/de\\\/\"},{\"@type\":\"ListItem\",\"position\":2,\"name\":\"Hotel\"}]},{\"@type\":\"WebSite\",\"@id\":\"https:\\\/\\\/www.felmis.ch\\\/de\\\/#website\",\"url\":\"https:\\\/\\\/www.felmis.ch\\\/de\\\/\",\"name\":\"Hotel Felmis\",\"description\":\"Willkommen im Hotel Felmis\",\"potentialAction\":[{\"@type\":\"SearchAction\",\"target\":{\"@type\":\"EntryPoint\",\"urlTemplate\":\"https:\\\/\\\/www.felmis.ch\\\/de\\\/?s={search_term_string}\"},\"query-input\":{\"@type\":\"PropertyValueSpecification\",\"valueRequired\":true,\"valueName\":\"search_term_string\"}}],\"inLanguage\":\"de\"}]}<\/script>\n<!-- \/ Yoast SEO plugin. -->","yoast_head_json":{"title":"Hotel Felmis in Horw bei Luzern - mit Klimaanlage","description":"Das Hotel verf\u00fcgt \u00fcber 28 modern ausgestattete Nichtraucher-Hotelzimmer mit Klimaanlage. Nahe dem Ausstellungsgel\u00e4nde Allmend Luzern","robots":{"index":"index","follow":"follow","max-snippet":"max-snippet:-1","max-image-preview":"max-image-preview:large","max-video-preview":"max-video-preview:-1"},"canonical":"https:\/\/www.felmis.ch\/de\/hotel-mit-klimaanlage\/","og_locale":"de_DE","og_type":"article","og_title":"Hotel Felmis in Horw bei Luzern - mit Klimaanlage","og_description":"Das Hotel verf\u00fcgt \u00fcber 28 modern ausgestattete Nichtraucher-Hotelzimmer mit Klimaanlage. Nahe dem Ausstellungsgel\u00e4nde Allmend Luzern","og_url":"https:\/\/www.felmis.ch\/de\/hotel-mit-klimaanlage\/","og_site_name":"Hotel Felmis","article_publisher":"http:\/\/www.facebook.com\/hotel.felmis","article_modified_time":"2025-07-25T07:18:32+00:00","og_image":[{"width":135,"height":30,"url":"https:\/\/www.felmis.ch\/de\/wp-content\/uploads\/booking.gif","type":"image\/gif"}],"twitter_card":"summary_large_image","twitter_misc":{"Gesch\u00e4tzte Lesezeit":"2\u00a0Minuten"},"schema":{"@context":"https:\/\/schema.org","@graph":[{"@type":"WebPage","@id":"https:\/\/www.felmis.ch\/de\/hotel-mit-klimaanlage\/","url":"https:\/\/www.felmis.ch\/de\/hotel-mit-klimaanlage\/","name":"Hotel Felmis in Horw bei Luzern - mit Klimaanlage","isPartOf":{"@id":"https:\/\/www.felmis.ch\/de\/#website"},"primaryImageOfPage":{"@id":"https:\/\/www.felmis.ch\/de\/hotel-mit-klimaanlage\/#primaryimage"},"image":{"@id":"https:\/\/www.felmis.ch\/de\/hotel-mit-klimaanlage\/#primaryimage"},"thumbnailUrl":"https:\/\/www.felmis.ch\/de\/wp-content\/uploads\/booking.gif","datePublished":"2012-01-27T13:39:28+00:00","dateModified":"2025-07-25T07:18:32+00:00","description":"Das Hotel verf\u00fcgt \u00fcber 28 modern ausgestattete Nichtraucher-Hotelzimmer mit Klimaanlage. Nahe dem Ausstellungsgel\u00e4nde Allmend Luzern","breadcrumb":{"@id":"https:\/\/www.felmis.ch\/de\/hotel-mit-klimaanlage\/#breadcrumb"},"inLanguage":"de","potentialAction":[{"@type":"ReadAction","target":["https:\/\/www.felmis.ch\/de\/hotel-mit-klimaanlage\/"]}]},{"@type":"ImageObject","inLanguage":"de","@id":"https:\/\/www.felmis.ch\/de\/hotel-mit-klimaanlage\/#primaryimage","url":"https:\/\/www.felmis.ch\/de\/wp-content\/uploads\/booking.gif","contentUrl":"https:\/\/www.felmis.ch\/de\/wp-content\/uploads\/booking.gif","width":"135","height":"30"},{"@type":"BreadcrumbList","@id":"https:\/\/www.felmis.ch\/de\/hotel-mit-klimaanlage\/#breadcrumb","itemListElement":[{"@type":"ListItem","position":1,"name":"Home","item":"https:\/\/www.felmis.ch\/de\/"},{"@type":"ListItem","position":2,"name":"Hotel"}]},{"@type":"WebSite","@id":"https:\/\/www.felmis.ch\/de\/#website","url":"https:\/\/www.felmis.ch\/de\/","name":"Hotel Felmis","description":"Willkommen im Hotel Felmis","potentialAction":[{"@type":"SearchAction","target":{"@type":"EntryPoint","urlTemplate":"https:\/\/www.felmis.ch\/de\/?s={search_term_string}"},"query-input":{"@type":"PropertyValueSpecification","valueRequired":true,"valueName":"search_term_string"}}],"inLanguage":"de"}]}},"_links":{"self":[{"href":"https:\/\/www.felmis.ch\/de\/wp-json\/wp\/v2\/pages\/2","targetHints":{"allow":["GET"]}}],"collection":[{"href":"https:\/\/www.felmis.ch\/de\/wp-json\/wp\/v2\/pages"}],"about":[{"href":"https:\/\/www.felmis.ch\/de\/wp-json\/wp\/v2\/types\/page"}],"author":[{"embeddable":true,"href":"https:\/\/www.felmis.ch\/de\/wp-json\/wp\/v2\/users\/1"}],"replies":[{"embeddable":true,"href":"https:\/\/www.felmis.ch\/de\/wp-json\/wp\/v2\/comments?post=2"}],"version-history":[{"count":3,"href":"https:\/\/www.felmis.ch\/de\/wp-json\/wp\/v2\/pages\/2\/revisions"}],"predecessor-version":[{"id":2912,"href":"https:\/\/www.felmis.ch\/de\/wp-json\/wp\/v2\/pages\/2\/revisions\/2912"}],"wp:attachment":[{"href":"https:\/\/www.felmis.ch\/de\/wp-json\/wp\/v2\/media?parent=2"}],"curies":[{"name":"wp","href":"https:\/\/api.w.org\/{rel}","templated":true}]}}