{"id":21,"date":"2012-02-10T10:57:32","date_gmt":"2012-02-10T10:57:32","guid":{"rendered":"http:\/\/www.felmis.ch\/de\/?page_id=21"},"modified":"2025-09-18T14:40:59","modified_gmt":"2025-09-18T14:40:59","slug":"home","status":"publish","type":"page","link":"https:\/\/www.felmis.ch\/de\/","title":{"rendered":"Home"},"content":{"rendered":"\t\t<div data-elementor-type=\"wp-page\" data-elementor-id=\"21\" class=\"elementor elementor-21\">\n\t\t\t\t\t\t<section class=\"elementor-section elementor-top-section elementor-element elementor-element-76ebc590 elementor-section-boxed elementor-section-height-default elementor-section-height-default\" data-id=\"76ebc590\" data-element_type=\"section\" data-e-type=\"section\">\n\t\t\t\t\t\t<div class=\"elementor-container elementor-column-gap-default\">\n\t\t\t\t\t<div class=\"elementor-column elementor-col-100 elementor-top-column elementor-element elementor-element-716a2c7f\" data-id=\"716a2c7f\" data-element_type=\"column\" data-e-type=\"column\">\n\t\t\t<div class=\"elementor-widget-wrap elementor-element-populated\">\n\t\t\t\t\t\t<div class=\"elementor-element elementor-element-7a5e7998 elementor-widget elementor-widget-text-editor\" data-id=\"7a5e7998\" data-element_type=\"widget\" data-e-type=\"widget\" data-widget_type=\"text-editor.default\">\n\t\t\t\t<div class=\"elementor-widget-container\">\n\t\t\t\t\t\t\t\t\t<h1>Willkommen im Hotel Restaurant Felmis<\/h1><p>Unser famili\u00e4r gef\u00fchrtes Hotel liegt im Gr\u00fcnen, auf der ruhigen und doch zentral gelegenen Horwer Halbinsel neben Minigolf und Tennis. Bei uns k\u00f6nnen Sie abschalten und sich entspannen.<\/p><p>Geniessen Sie die Sicht auf die sch\u00f6nen zentralschweizer Berge oder einen 15 min\u00fctigen Spaziergang zum Vierwaldst\u00e4ttersee.<\/p><p>Nur knapp 2.5 km von der Autobahn A2 gelegen, der ideale Ort f\u00fcr Zwischenstop auf der Durchreise sowie f\u00fcr gesch\u00e4ftliche Aufenthalte in der Zentralschweiz.<\/p><p>Das Stadtzentrum von Luzern ist nur 4 km entfernt und kann direkt mit dem Bus Nr. 21, welcher beim Hotel h\u00e4lt, in 20 Minuten erreicht werden.<\/p><p>Die neu installierte <strong>Klimaanlage<\/strong> bietet Ihnen eine angenehme Zimmertemperatur und guten Schlaf, auch bei heissen Sommern\u00e4chten.<\/p><p>Internet: Mit Wireless LAN bieten wir Ihnen einen einfachen und schnellen Zugang zu Internet und E-Mail Diensten.<\/p><p>Seit M\u00e4rz 2017 verf\u00fcgen wir \u00fcber drei Elektro Ladestationen f\u00fcr Elektrofahrzeuge. Sei es f\u00fcr Tesla Fahrzeuge oder alle anderen Elektrofahrzeuge.<\/p><p>Es sind zwei Ladestationen mit 22 kw und eine Ladestation mit 11 kw Ladegeschwindigkeit.<\/p><p><img fetchpriority=\"high\" decoding=\"async\" class=\"aligncenter wp-image-2190\" title=\"Hotel Felmis Luzern - Tesla Ladestation Destination Charging\" src=\"https:\/\/www.felmis.ch\/de\/wp-content\/uploads\/Tesla-Elektro-Autoladestation-Internet-2022-1024x722.jpg\" alt=\"\" width=\"332\" height=\"234\" srcset=\"https:\/\/www.felmis.ch\/de\/wp-content\/uploads\/Tesla-Elektro-Autoladestation-Internet-2022-1024x722.jpg 1024w, https:\/\/www.felmis.ch\/de\/wp-content\/uploads\/Tesla-Elektro-Autoladestation-Internet-2022-300x212.jpg 300w, https:\/\/www.felmis.ch\/de\/wp-content\/uploads\/Tesla-Elektro-Autoladestation-Internet-2022-768x542.jpg 768w, https:\/\/www.felmis.ch\/de\/wp-content\/uploads\/Tesla-Elektro-Autoladestation-Internet-2022-1536x1083.jpg 1536w, https:\/\/www.felmis.ch\/de\/wp-content\/uploads\/Tesla-Elektro-Autoladestation-Internet-2022-920x649.jpg 920w, https:\/\/www.felmis.ch\/de\/wp-content\/uploads\/Tesla-Elektro-Autoladestation-Internet-2022-230x162.jpg 230w, https:\/\/www.felmis.ch\/de\/wp-content\/uploads\/Tesla-Elektro-Autoladestation-Internet-2022-350x247.jpg 350w, https:\/\/www.felmis.ch\/de\/wp-content\/uploads\/Tesla-Elektro-Autoladestation-Internet-2022-480x339.jpg 480w, https:\/\/www.felmis.ch\/de\/wp-content\/uploads\/Tesla-Elektro-Autoladestation-Internet-2022.jpg 2046w\" sizes=\"(max-width: 332px) 100vw, 332px\" \/><\/p><p>\u00a0<\/p><p>Sauberkeit und Zufriedenheit der G\u00e4ste ist unser oberstes Gebot. Alle unsere Zimmer werden daher <strong>zwei Mal pro Jahr auf Bettwanzen kontrolliert<\/strong>. Wir sind stolz und k\u00f6nnen sagen dass unser Hotel<strong> 100% bettwanzenfrei<\/strong> ist. Bei uns schlafen sie sorglos.<\/p><p><img decoding=\"async\" class=\"aligncenter wp-image-1149 size-thumbnail\" title=\"Bed Bug Free - Keine Bettwanzen ! Hotel Felmis Luzern\" src=\"https:\/\/www.felmis.ch\/de\/wp-content\/uploads\/No-Bed-Bug-keine-Bettwanzen-150x150.jpg\" alt=\"No Bed Bug keine Bettwanzen\" width=\"150\" height=\"150\" srcset=\"https:\/\/www.felmis.ch\/de\/wp-content\/uploads\/No-Bed-Bug-keine-Bettwanzen-150x150.jpg 150w, https:\/\/www.felmis.ch\/de\/wp-content\/uploads\/No-Bed-Bug-keine-Bettwanzen-300x300.jpg 300w\" sizes=\"(max-width: 150px) 100vw, 150px\" \/><\/p><p>Alle Informationen kompakt auf dem Handy. Hier scannen oder klicken.<\/p><p><a href=\"http:\/\/www.notre.guide\/felmis\" target=\"_blank\" rel=\"noopener www.notre.guide\/felmis\"><img decoding=\"async\" class=\"aligncenter wp-image-2342\" src=\"https:\/\/www.felmis.ch\/de\/wp-content\/uploads\/qr-code-Notre.guide-felmis.jpg\" alt=\"\" width=\"149\" height=\"149\" srcset=\"https:\/\/www.felmis.ch\/de\/wp-content\/uploads\/qr-code-Notre.guide-felmis.jpg 420w, https:\/\/www.felmis.ch\/de\/wp-content\/uploads\/qr-code-Notre.guide-felmis-300x300.jpg 300w, https:\/\/www.felmis.ch\/de\/wp-content\/uploads\/qr-code-Notre.guide-felmis-150x150.jpg 150w, https:\/\/www.felmis.ch\/de\/wp-content\/uploads\/qr-code-Notre.guide-felmis-230x230.jpg 230w, https:\/\/www.felmis.ch\/de\/wp-content\/uploads\/qr-code-Notre.guide-felmis-350x350.jpg 350w\" sizes=\"(max-width: 149px) 100vw, 149px\" \/><\/a><\/p><p>\u00a0<\/p><p>Airline Booking Codes:<\/p><p>Amadeus ONQLJFEL<br \/>Sabre ON33030<br \/>Galileo ON12002<br \/>Worldspan ONQLJFE<\/p><p><a title=\"AGB - terms and conditions\" href=\"https:\/\/www.felmis.ch\/de\/wp-content\/uploads\/AGB-Felmis-Deutsch-Englisch.pdf\" target=\"_blank\" rel=\"noopener noreferrer\">AGB &#8211; terms and conditions<\/a><\/p>\t\t\t\t\t\t\t\t<\/div>\n\t\t\t\t<\/div>\n\t\t\t\t\t<\/div>\n\t\t<\/div>\n\t\t\t\t\t<\/div>\n\t\t<\/section>\n\t\t\t\t<\/div>\n\t\t","protected":false},"excerpt":{"rendered":"<p>Willkommen im Hotel Restaurant Felmis Unser famili\u00e4r gef\u00fchrtes Hotel liegt im Gr\u00fcnen, auf der ruhigen und doch zentral gelegenen Horwer Halbinsel neben [&hellip;]<\/p>\n","protected":false},"author":2,"featured_media":0,"parent":0,"menu_order":10,"comment_status":"closed","ping_status":"closed","template":"","meta":{"footnotes":""},"class_list":["post-21","page","type-page","status-publish","hentry"],"yoast_head":"<!-- This site is optimized with the Yoast SEO plugin v27.3 - https:\/\/yoast.com\/product\/yoast-seo-wordpress\/ -->\n<title>Hotel Felmis in Horw bei Luzern - Ihr Hotel mit dem gewissen Etwas<\/title>\n<meta name=\"description\" content=\"Hotel Felmis in Horw bei Luzern - g\u00fcnstig - modern - zentral gelegen - \u00f6ffentlich angeschlossen - Restaurant - Tesla Ladestation - Klimaanlage - Parkpl\u00e4tze.\" \/>\n<meta name=\"robots\" content=\"index, follow, max-snippet:-1, max-image-preview:large, max-video-preview:-1\" \/>\n<link rel=\"canonical\" href=\"https:\/\/www.felmis.ch\/de\/\" \/>\n<meta property=\"og:locale\" content=\"de_DE\" \/>\n<meta property=\"og:type\" content=\"article\" \/>\n<meta property=\"og:title\" content=\"Hotel Felmis in Horw bei Luzern - Ihr Hotel mit dem gewissen Etwas\" \/>\n<meta property=\"og:description\" content=\"Hotel Felmis in Horw bei Luzern - g\u00fcnstig - modern - zentral gelegen - \u00f6ffentlich angeschlossen - Restaurant - Tesla Ladestation - Klimaanlage - Parkpl\u00e4tze.\" \/>\n<meta property=\"og:url\" content=\"https:\/\/www.felmis.ch\/de\/\" \/>\n<meta property=\"og:site_name\" content=\"Hotel Felmis\" \/>\n<meta property=\"article:publisher\" content=\"http:\/\/www.facebook.com\/hotel.felmis\" \/>\n<meta property=\"article:modified_time\" content=\"2025-09-18T14:40:59+00:00\" \/>\n<meta property=\"og:image\" content=\"https:\/\/www.felmis.ch\/de\/wp-content\/uploads\/Tesla-Elektro-Autoladestation-Internet-2022.jpg\" \/>\n\t<meta property=\"og:image:width\" content=\"2046\" \/>\n\t<meta property=\"og:image:height\" content=\"1443\" \/>\n\t<meta property=\"og:image:type\" content=\"image\/jpeg\" \/>\n<meta name=\"twitter:card\" content=\"summary_large_image\" \/>\n<meta name=\"twitter:label1\" content=\"Gesch\u00e4tzte Lesezeit\" \/>\n\t<meta name=\"twitter:data1\" content=\"2\u00a0Minuten\" \/>\n<script type=\"application\/ld+json\" class=\"yoast-schema-graph\">{\"@context\":\"https:\\\/\\\/schema.org\",\"@graph\":[{\"@type\":\"WebPage\",\"@id\":\"https:\\\/\\\/www.felmis.ch\\\/de\\\/\",\"url\":\"https:\\\/\\\/www.felmis.ch\\\/de\\\/\",\"name\":\"Hotel Felmis in Horw bei Luzern - Ihr Hotel mit dem gewissen Etwas\",\"isPartOf\":{\"@id\":\"https:\\\/\\\/www.felmis.ch\\\/de\\\/#website\"},\"primaryImageOfPage\":{\"@id\":\"https:\\\/\\\/www.felmis.ch\\\/de\\\/#primaryimage\"},\"image\":{\"@id\":\"https:\\\/\\\/www.felmis.ch\\\/de\\\/#primaryimage\"},\"thumbnailUrl\":\"https:\\\/\\\/www.felmis.ch\\\/de\\\/wp-content\\\/uploads\\\/Tesla-Elektro-Autoladestation-Internet-2022-1024x722.jpg\",\"datePublished\":\"2012-02-10T10:57:32+00:00\",\"dateModified\":\"2025-09-18T14:40:59+00:00\",\"description\":\"Hotel Felmis in Horw bei Luzern - g\u00fcnstig - modern - zentral gelegen - \u00f6ffentlich angeschlossen - Restaurant - Tesla Ladestation - Klimaanlage - Parkpl\u00e4tze.\",\"breadcrumb\":{\"@id\":\"https:\\\/\\\/www.felmis.ch\\\/de\\\/#breadcrumb\"},\"inLanguage\":\"de\",\"potentialAction\":[{\"@type\":\"ReadAction\",\"target\":[\"https:\\\/\\\/www.felmis.ch\\\/de\\\/\"]}]},{\"@type\":\"ImageObject\",\"inLanguage\":\"de\",\"@id\":\"https:\\\/\\\/www.felmis.ch\\\/de\\\/#primaryimage\",\"url\":\"https:\\\/\\\/www.felmis.ch\\\/de\\\/wp-content\\\/uploads\\\/Tesla-Elektro-Autoladestation-Internet-2022.jpg\",\"contentUrl\":\"https:\\\/\\\/www.felmis.ch\\\/de\\\/wp-content\\\/uploads\\\/Tesla-Elektro-Autoladestation-Internet-2022.jpg\",\"width\":2046,\"height\":1443},{\"@type\":\"BreadcrumbList\",\"@id\":\"https:\\\/\\\/www.felmis.ch\\\/de\\\/#breadcrumb\",\"itemListElement\":[{\"@type\":\"ListItem\",\"position\":1,\"name\":\"Home\",\"item\":\"https:\\\/\\\/www.felmis.ch\\\/de\\\/\"},{\"@type\":\"ListItem\",\"position\":2,\"name\":\"Home\"}]},{\"@type\":\"WebSite\",\"@id\":\"https:\\\/\\\/www.felmis.ch\\\/de\\\/#website\",\"url\":\"https:\\\/\\\/www.felmis.ch\\\/de\\\/\",\"name\":\"Hotel Felmis\",\"description\":\"Willkommen im Hotel Felmis\",\"potentialAction\":[{\"@type\":\"SearchAction\",\"target\":{\"@type\":\"EntryPoint\",\"urlTemplate\":\"https:\\\/\\\/www.felmis.ch\\\/de\\\/?s={search_term_string}\"},\"query-input\":{\"@type\":\"PropertyValueSpecification\",\"valueRequired\":true,\"valueName\":\"search_term_string\"}}],\"inLanguage\":\"de\"}]}<\/script>\n<!-- \/ Yoast SEO plugin. -->","yoast_head_json":{"title":"Hotel Felmis in Horw bei Luzern - Ihr Hotel mit dem gewissen Etwas","description":"Hotel Felmis in Horw bei Luzern - g\u00fcnstig - modern - zentral gelegen - \u00f6ffentlich angeschlossen - Restaurant - Tesla Ladestation - Klimaanlage - Parkpl\u00e4tze.","robots":{"index":"index","follow":"follow","max-snippet":"max-snippet:-1","max-image-preview":"max-image-preview:large","max-video-preview":"max-video-preview:-1"},"canonical":"https:\/\/www.felmis.ch\/de\/","og_locale":"de_DE","og_type":"article","og_title":"Hotel Felmis in Horw bei Luzern - Ihr Hotel mit dem gewissen Etwas","og_description":"Hotel Felmis in Horw bei Luzern - g\u00fcnstig - modern - zentral gelegen - \u00f6ffentlich angeschlossen - Restaurant - Tesla Ladestation - Klimaanlage - Parkpl\u00e4tze.","og_url":"https:\/\/www.felmis.ch\/de\/","og_site_name":"Hotel Felmis","article_publisher":"http:\/\/www.facebook.com\/hotel.felmis","article_modified_time":"2025-09-18T14:40:59+00:00","og_image":[{"width":2046,"height":1443,"url":"https:\/\/www.felmis.ch\/de\/wp-content\/uploads\/Tesla-Elektro-Autoladestation-Internet-2022.jpg","type":"image\/jpeg"}],"twitter_card":"summary_large_image","twitter_misc":{"Gesch\u00e4tzte Lesezeit":"2\u00a0Minuten"},"schema":{"@context":"https:\/\/schema.org","@graph":[{"@type":"WebPage","@id":"https:\/\/www.felmis.ch\/de\/","url":"https:\/\/www.felmis.ch\/de\/","name":"Hotel Felmis in Horw bei Luzern - Ihr Hotel mit dem gewissen Etwas","isPartOf":{"@id":"https:\/\/www.felmis.ch\/de\/#website"},"primaryImageOfPage":{"@id":"https:\/\/www.felmis.ch\/de\/#primaryimage"},"image":{"@id":"https:\/\/www.felmis.ch\/de\/#primaryimage"},"thumbnailUrl":"https:\/\/www.felmis.ch\/de\/wp-content\/uploads\/Tesla-Elektro-Autoladestation-Internet-2022-1024x722.jpg","datePublished":"2012-02-10T10:57:32+00:00","dateModified":"2025-09-18T14:40:59+00:00","description":"Hotel Felmis in Horw bei Luzern - g\u00fcnstig - modern - zentral gelegen - \u00f6ffentlich angeschlossen - Restaurant - Tesla Ladestation - Klimaanlage - Parkpl\u00e4tze.","breadcrumb":{"@id":"https:\/\/www.felmis.ch\/de\/#breadcrumb"},"inLanguage":"de","potentialAction":[{"@type":"ReadAction","target":["https:\/\/www.felmis.ch\/de\/"]}]},{"@type":"ImageObject","inLanguage":"de","@id":"https:\/\/www.felmis.ch\/de\/#primaryimage","url":"https:\/\/www.felmis.ch\/de\/wp-content\/uploads\/Tesla-Elektro-Autoladestation-Internet-2022.jpg","contentUrl":"https:\/\/www.felmis.ch\/de\/wp-content\/uploads\/Tesla-Elektro-Autoladestation-Internet-2022.jpg","width":2046,"height":1443},{"@type":"BreadcrumbList","@id":"https:\/\/www.felmis.ch\/de\/#breadcrumb","itemListElement":[{"@type":"ListItem","position":1,"name":"Home","item":"https:\/\/www.felmis.ch\/de\/"},{"@type":"ListItem","position":2,"name":"Home"}]},{"@type":"WebSite","@id":"https:\/\/www.felmis.ch\/de\/#website","url":"https:\/\/www.felmis.ch\/de\/","name":"Hotel Felmis","description":"Willkommen im Hotel Felmis","potentialAction":[{"@type":"SearchAction","target":{"@type":"EntryPoint","urlTemplate":"https:\/\/www.felmis.ch\/de\/?s={search_term_string}"},"query-input":{"@type":"PropertyValueSpecification","valueRequired":true,"valueName":"search_term_string"}}],"inLanguage":"de"}]}},"_links":{"self":[{"href":"https:\/\/www.felmis.ch\/de\/wp-json\/wp\/v2\/pages\/21","targetHints":{"allow":["GET"]}}],"collection":[{"href":"https:\/\/www.felmis.ch\/de\/wp-json\/wp\/v2\/pages"}],"about":[{"href":"https:\/\/www.felmis.ch\/de\/wp-json\/wp\/v2\/types\/page"}],"author":[{"embeddable":true,"href":"https:\/\/www.felmis.ch\/de\/wp-json\/wp\/v2\/users\/2"}],"replies":[{"embeddable":true,"href":"https:\/\/www.felmis.ch\/de\/wp-json\/wp\/v2\/comments?post=21"}],"version-history":[{"count":6,"href":"https:\/\/www.felmis.ch\/de\/wp-json\/wp\/v2\/pages\/21\/revisions"}],"predecessor-version":[{"id":3012,"href":"https:\/\/www.felmis.ch\/de\/wp-json\/wp\/v2\/pages\/21\/revisions\/3012"}],"wp:attachment":[{"href":"https:\/\/www.felmis.ch\/de\/wp-json\/wp\/v2\/media?parent=21"}],"curies":[{"name":"wp","href":"https:\/\/api.w.org\/{rel}","templated":true}]}}