{"id":733,"date":"2015-04-28T13:28:54","date_gmt":"2015-04-28T13:28:54","guid":{"rendered":"http:\/\/www.felmis.ch\/de\/?page_id=733"},"modified":"2021-06-15T07:55:33","modified_gmt":"2021-06-15T07:55:33","slug":"partyservice-catering-luzern","status":"publish","type":"page","link":"https:\/\/www.felmis.ch\/de\/partyservice-catering-luzern\/","title":{"rendered":"Catering"},"content":{"rendered":"<h2 style=\"text-align: left;\">Ihr Anlass &#8211; unser Catering \/ Partyservice<\/h2>\n<p style=\"text-align: left;\">In manchen Momenten haben Sie keine Zeit, einen bunten Salat zu garnieren, einen saftigen mit Aprikosen gepickten Schweinscarreebraten zu kochen und anschliessend ein leckeres Dessert zu zaubern. Denn Sie m\u00f6chten sich um das Wichtigste an ihrem Anlass k\u00fcmmern &#8211; <strong>Ihre G\u00e4ste<\/strong>.<\/p>\n<p style=\"text-align: left;\">.<\/p>\n<p style=\"text-align: left;\">Sie ben\u00f6tigen ein Catering f\u00fcr Ihren Anlass bei Ihnen zu Hause oder sonst an einem sch\u00f6nen Ort?<br \/>\nDa\u00a0kommen wir vom Hotel-Restaurant Felmis in Horw bei Luzern zum Einsatz.<\/p>\n<p style=\"text-align: left;\">.<\/p>\n<p style=\"text-align: left;\">Ob Hochzeitsapero, Geburtstagsfeier, Stehlunch, Business Lunch oder \u00f6ffentliche Veranstaltungen, Sie bringen den Anlass, wir das Kulinarische.<br \/>\nNoch keine Location? Sie m\u00f6chten gerne ein Fest an einem speziellen Ort, haben diesen jedoch noch nicht? Wir k\u00f6nnen auch in diesem Fall weiterhelfen.<br \/>\nZusammen finden wir die beste Location f\u00fcr Sie.<\/p>\n<p style=\"text-align: left;\">.<\/p>\n<p style=\"text-align: left;\">Gerne liefern wir Ihnen ihr Wunschmenu auch direkt zu Ihnen nach Hause.<br \/>\nWir sind bestens f\u00fcr Partyservice und Caterings ausger\u00fcstet.<br \/>\nOb mit Lieferung, Geschirr und Besteck. Bei uns bekommen Sie alles aus einer Hand.<br \/>\nAb 20 Personen.<\/p>\n<p style=\"text-align: left;\">.<\/p>\n<h4 style=\"text-align: left;\">\u00a0<strong>Verlangen Sie unsere Offerte<\/strong><\/h4>\n<p style=\"text-align: left;\"><a title=\"Catering Vorschl\u00e4ge Hotel Felmis\" href=\"http:\/\/felmis.ch\/de\/pdf\/cateringvorschlaege.pdf\" target=\"_blank\" rel=\"noopener\">Clicken Sie hier um unsere Cateringvorschl\u00e4ge zu downloaden<\/a>.<\/p>\n<p style=\"text-align: left;\">Die aufgef\u00fchrten Vorschl\u00e4ge f\u00fcr den Partyservice sind nur einige M\u00f6glichkeiten, welche wir zusammen mit Ihnen selbstverst\u00e4ndlich noch weiter ausbauen oder anpassen k\u00f6nnen.<\/p>\n<p style=\"text-align: left;\">Seit nun mehr als 15 Jahren sind wir im Bereich der Festlieferungen sowie Hauslieferungen und Spezialanl\u00e4sse t\u00e4tig.<br \/>\nSomit k\u00f6nnen wir auf jahrelange Erfahrung zur\u00fcckgreifen. Mit uns haben Sie den richtigen Partner an Ihrer Seite.<br \/>\nEntnehmen Sie aus unserer Gallerie ein paar Eindr\u00fccke von unseren Anl\u00e4ssen.<br \/>\nZu unseren gl\u00fccklichen Kunden geh\u00f6ren Private, Firmenkunden sowie \u00f6ffentliche Institutionen.<\/p>\n<p>&nbsp;<\/p>\n<p>&nbsp;<\/p>\n<div id='gallery-1' class='gallery galleryid-733 gallery-columns-4 gallery-size-thumbnail'><figure class='gallery-item'>\n\t\t\t<div class='gallery-icon landscape'>\n\t\t\t\t<a href='https:\/\/www.felmis.ch\/de\/wp-content\/uploads\/corinneandre_rep-168.jpg' title=\"\" data-rl_title=\"\" class=\"rl-gallery-link\" data-rl_caption=\"\" data-rel=\"lightbox-gallery-1\"><img decoding=\"async\" width=\"150\" height=\"150\" src=\"https:\/\/www.felmis.ch\/de\/wp-content\/uploads\/corinneandre_rep-168-150x150.jpg\" class=\"attachment-thumbnail size-thumbnail\" alt=\"\" aria-describedby=\"gallery-1-810\" srcset=\"https:\/\/www.felmis.ch\/de\/wp-content\/uploads\/corinneandre_rep-168-150x150.jpg 150w, https:\/\/www.felmis.ch\/de\/wp-content\/uploads\/corinneandre_rep-168-300x300.jpg 300w, https:\/\/www.felmis.ch\/de\/wp-content\/uploads\/corinneandre_rep-168-144x144.jpg 144w\" sizes=\"(max-width: 150px) 100vw, 150px\" \/><\/a>\n\t\t\t<\/div>\n\t\t\t\t<figcaption class='wp-caption-text gallery-caption' id='gallery-1-810'>\n\t\t\t\tPartyservice Catering Luzern\n\t\t\t\t<\/figcaption><\/figure><figure class='gallery-item'>\n\t\t\t<div class='gallery-icon landscape'>\n\t\t\t\t<a href='https:\/\/www.felmis.ch\/de\/wp-content\/uploads\/corinneandre_rep-170.jpg' title=\"\" data-rl_title=\"\" class=\"rl-gallery-link\" data-rl_caption=\"\" data-rel=\"lightbox-gallery-1\"><img decoding=\"async\" width=\"150\" height=\"150\" src=\"https:\/\/www.felmis.ch\/de\/wp-content\/uploads\/corinneandre_rep-170-150x150.jpg\" class=\"attachment-thumbnail size-thumbnail\" alt=\"\" aria-describedby=\"gallery-1-811\" srcset=\"https:\/\/www.felmis.ch\/de\/wp-content\/uploads\/corinneandre_rep-170-150x150.jpg 150w, https:\/\/www.felmis.ch\/de\/wp-content\/uploads\/corinneandre_rep-170-300x300.jpg 300w, https:\/\/www.felmis.ch\/de\/wp-content\/uploads\/corinneandre_rep-170-144x144.jpg 144w\" sizes=\"(max-width: 150px) 100vw, 150px\" \/><\/a>\n\t\t\t<\/div>\n\t\t\t\t<figcaption class='wp-caption-text gallery-caption' id='gallery-1-811'>\n\t\t\t\tPartyservice Catering Luzern\n\t\t\t\t<\/figcaption><\/figure><figure class='gallery-item'>\n\t\t\t<div class='gallery-icon landscape'>\n\t\t\t\t<a href='https:\/\/www.felmis.ch\/de\/wp-content\/uploads\/corinneandre_rep-171.jpg' title=\"\" data-rl_title=\"\" class=\"rl-gallery-link\" data-rl_caption=\"\" data-rel=\"lightbox-gallery-1\"><img decoding=\"async\" width=\"150\" height=\"150\" src=\"https:\/\/www.felmis.ch\/de\/wp-content\/uploads\/corinneandre_rep-171-150x150.jpg\" class=\"attachment-thumbnail size-thumbnail\" alt=\"\" aria-describedby=\"gallery-1-812\" srcset=\"https:\/\/www.felmis.ch\/de\/wp-content\/uploads\/corinneandre_rep-171-150x150.jpg 150w, https:\/\/www.felmis.ch\/de\/wp-content\/uploads\/corinneandre_rep-171-300x300.jpg 300w, https:\/\/www.felmis.ch\/de\/wp-content\/uploads\/corinneandre_rep-171-144x144.jpg 144w\" sizes=\"(max-width: 150px) 100vw, 150px\" \/><\/a>\n\t\t\t<\/div>\n\t\t\t\t<figcaption class='wp-caption-text gallery-caption' id='gallery-1-812'>\n\t\t\t\tPartyservice Catering Luzern\n\t\t\t\t<\/figcaption><\/figure><figure class='gallery-item'>\n\t\t\t<div class='gallery-icon landscape'>\n\t\t\t\t<a href='https:\/\/www.felmis.ch\/de\/wp-content\/uploads\/corinneandre_rep-172.jpg' title=\"\" data-rl_title=\"\" class=\"rl-gallery-link\" data-rl_caption=\"\" data-rel=\"lightbox-gallery-1\"><img loading=\"lazy\" decoding=\"async\" width=\"150\" height=\"150\" src=\"https:\/\/www.felmis.ch\/de\/wp-content\/uploads\/corinneandre_rep-172-150x150.jpg\" class=\"attachment-thumbnail size-thumbnail\" alt=\"\" aria-describedby=\"gallery-1-813\" srcset=\"https:\/\/www.felmis.ch\/de\/wp-content\/uploads\/corinneandre_rep-172-150x150.jpg 150w, https:\/\/www.felmis.ch\/de\/wp-content\/uploads\/corinneandre_rep-172-300x300.jpg 300w, https:\/\/www.felmis.ch\/de\/wp-content\/uploads\/corinneandre_rep-172-144x144.jpg 144w\" sizes=\"(max-width: 150px) 100vw, 150px\" \/><\/a>\n\t\t\t<\/div>\n\t\t\t\t<figcaption class='wp-caption-text gallery-caption' id='gallery-1-813'>\n\t\t\t\tPartyservice Catering Luzern\n\t\t\t\t<\/figcaption><\/figure><figure class='gallery-item'>\n\t\t\t<div class='gallery-icon landscape'>\n\t\t\t\t<a href='https:\/\/www.felmis.ch\/de\/wp-content\/uploads\/corinneandre_rep-173.jpg' title=\"\" data-rl_title=\"\" class=\"rl-gallery-link\" data-rl_caption=\"\" data-rel=\"lightbox-gallery-1\"><img loading=\"lazy\" decoding=\"async\" width=\"150\" height=\"150\" src=\"https:\/\/www.felmis.ch\/de\/wp-content\/uploads\/corinneandre_rep-173-150x150.jpg\" class=\"attachment-thumbnail size-thumbnail\" alt=\"\" aria-describedby=\"gallery-1-814\" srcset=\"https:\/\/www.felmis.ch\/de\/wp-content\/uploads\/corinneandre_rep-173-150x150.jpg 150w, https:\/\/www.felmis.ch\/de\/wp-content\/uploads\/corinneandre_rep-173-300x300.jpg 300w, https:\/\/www.felmis.ch\/de\/wp-content\/uploads\/corinneandre_rep-173-144x144.jpg 144w\" sizes=\"(max-width: 150px) 100vw, 150px\" \/><\/a>\n\t\t\t<\/div>\n\t\t\t\t<figcaption class='wp-caption-text gallery-caption' id='gallery-1-814'>\n\t\t\t\tPartyservice Catering Luzern\n\t\t\t\t<\/figcaption><\/figure><figure class='gallery-item'>\n\t\t\t<div class='gallery-icon landscape'>\n\t\t\t\t<a href='https:\/\/www.felmis.ch\/de\/wp-content\/uploads\/corinneandre_rep-176.jpg' title=\"\" data-rl_title=\"\" class=\"rl-gallery-link\" data-rl_caption=\"\" data-rel=\"lightbox-gallery-1\"><img loading=\"lazy\" decoding=\"async\" width=\"150\" height=\"150\" src=\"https:\/\/www.felmis.ch\/de\/wp-content\/uploads\/corinneandre_rep-176-150x150.jpg\" class=\"attachment-thumbnail size-thumbnail\" alt=\"\" aria-describedby=\"gallery-1-815\" srcset=\"https:\/\/www.felmis.ch\/de\/wp-content\/uploads\/corinneandre_rep-176-150x150.jpg 150w, https:\/\/www.felmis.ch\/de\/wp-content\/uploads\/corinneandre_rep-176-300x300.jpg 300w, https:\/\/www.felmis.ch\/de\/wp-content\/uploads\/corinneandre_rep-176-144x144.jpg 144w\" sizes=\"(max-width: 150px) 100vw, 150px\" \/><\/a>\n\t\t\t<\/div>\n\t\t\t\t<figcaption class='wp-caption-text gallery-caption' id='gallery-1-815'>\n\t\t\t\tPartyservice Catering Luzern\n\t\t\t\t<\/figcaption><\/figure><figure class='gallery-item'>\n\t\t\t<div class='gallery-icon landscape'>\n\t\t\t\t<a href='https:\/\/www.felmis.ch\/de\/wp-content\/uploads\/corinneandre_rep-178.jpg' title=\"\" data-rl_title=\"\" class=\"rl-gallery-link\" data-rl_caption=\"\" data-rel=\"lightbox-gallery-1\"><img loading=\"lazy\" decoding=\"async\" width=\"150\" height=\"150\" src=\"https:\/\/www.felmis.ch\/de\/wp-content\/uploads\/corinneandre_rep-178-150x150.jpg\" class=\"attachment-thumbnail size-thumbnail\" alt=\"\" aria-describedby=\"gallery-1-816\" srcset=\"https:\/\/www.felmis.ch\/de\/wp-content\/uploads\/corinneandre_rep-178-150x150.jpg 150w, https:\/\/www.felmis.ch\/de\/wp-content\/uploads\/corinneandre_rep-178-300x300.jpg 300w, https:\/\/www.felmis.ch\/de\/wp-content\/uploads\/corinneandre_rep-178-144x144.jpg 144w\" sizes=\"(max-width: 150px) 100vw, 150px\" \/><\/a>\n\t\t\t<\/div>\n\t\t\t\t<figcaption class='wp-caption-text gallery-caption' id='gallery-1-816'>\n\t\t\t\tPartyservice Catering Luzern\n\t\t\t\t<\/figcaption><\/figure><figure class='gallery-item'>\n\t\t\t<div class='gallery-icon landscape'>\n\t\t\t\t<a href='https:\/\/www.felmis.ch\/de\/wp-content\/uploads\/corinneandre_rep-179.jpg' title=\"\" data-rl_title=\"\" class=\"rl-gallery-link\" data-rl_caption=\"\" data-rel=\"lightbox-gallery-1\"><img loading=\"lazy\" decoding=\"async\" width=\"150\" height=\"150\" src=\"https:\/\/www.felmis.ch\/de\/wp-content\/uploads\/corinneandre_rep-179-150x150.jpg\" class=\"attachment-thumbnail size-thumbnail\" alt=\"\" aria-describedby=\"gallery-1-817\" srcset=\"https:\/\/www.felmis.ch\/de\/wp-content\/uploads\/corinneandre_rep-179-150x150.jpg 150w, https:\/\/www.felmis.ch\/de\/wp-content\/uploads\/corinneandre_rep-179-300x300.jpg 300w, https:\/\/www.felmis.ch\/de\/wp-content\/uploads\/corinneandre_rep-179-144x144.jpg 144w\" sizes=\"(max-width: 150px) 100vw, 150px\" \/><\/a>\n\t\t\t<\/div>\n\t\t\t\t<figcaption class='wp-caption-text gallery-caption' id='gallery-1-817'>\n\t\t\t\tPartyservice Catering Luzern\n\t\t\t\t<\/figcaption><\/figure>\n\t\t<\/div>\n\n","protected":false},"excerpt":{"rendered":"<p>Ihr Anlass &#8211; unser Catering \/ Partyservice In manchen Momenten haben Sie keine Zeit, einen bunten Salat zu garnieren, einen saftigen mit [&hellip;]<\/p>\n","protected":false},"author":1,"featured_media":0,"parent":0,"menu_order":0,"comment_status":"closed","ping_status":"open","template":"","meta":{"footnotes":""},"class_list":["post-733","page","type-page","status-publish","hentry"],"yoast_head":"<!-- This site is optimized with the Yoast SEO plugin v27.3 - https:\/\/yoast.com\/product\/yoast-seo-wordpress\/ -->\n<title>Partyservice und Catering Luzern - Hotel Felmis in Horw bei Luzern<\/title>\n<meta name=\"description\" content=\"Ihr Partner f\u00fcr Catering und Partyservice in Luzern. Alles aus einer Hand. Vorschl\u00e4ge auf unserer Website. Felmis, Adresser f\u00fcr Hotel, Restaurant, Catering\" \/>\n<meta name=\"robots\" content=\"index, follow, max-snippet:-1, max-image-preview:large, max-video-preview:-1\" \/>\n<link rel=\"canonical\" href=\"https:\/\/www.felmis.ch\/de\/partyservice-catering-luzern\/\" \/>\n<meta property=\"og:locale\" content=\"de_DE\" \/>\n<meta property=\"og:type\" content=\"article\" \/>\n<meta property=\"og:title\" content=\"Partyservice und Catering Luzern - Hotel Felmis in Horw bei Luzern\" \/>\n<meta property=\"og:description\" content=\"Ihr Partner f\u00fcr Catering und Partyservice in Luzern. Alles aus einer Hand. Vorschl\u00e4ge auf unserer Website. Felmis, Adresser f\u00fcr Hotel, Restaurant, Catering\" \/>\n<meta property=\"og:url\" content=\"https:\/\/www.felmis.ch\/de\/partyservice-catering-luzern\/\" \/>\n<meta property=\"og:site_name\" content=\"Hotel Felmis\" \/>\n<meta property=\"article:publisher\" content=\"http:\/\/www.facebook.com\/hotel.felmis\" \/>\n<meta property=\"article:modified_time\" content=\"2021-06-15T07:55:33+00:00\" \/>\n<meta property=\"og:image\" content=\"https:\/\/www.felmis.ch\/de\/wp-content\/uploads\/corinneandre_rep-168-150x150.jpg\" \/>\n<meta name=\"twitter:card\" content=\"summary_large_image\" \/>\n<meta name=\"twitter:label1\" content=\"Gesch\u00e4tzte Lesezeit\" \/>\n\t<meta name=\"twitter:data1\" content=\"2\u00a0Minuten\" \/>\n<script type=\"application\/ld+json\" class=\"yoast-schema-graph\">{\"@context\":\"https:\\\/\\\/schema.org\",\"@graph\":[{\"@type\":\"WebPage\",\"@id\":\"https:\\\/\\\/www.felmis.ch\\\/de\\\/partyservice-catering-luzern\\\/\",\"url\":\"https:\\\/\\\/www.felmis.ch\\\/de\\\/partyservice-catering-luzern\\\/\",\"name\":\"Partyservice und Catering Luzern - Hotel Felmis in Horw bei Luzern\",\"isPartOf\":{\"@id\":\"https:\\\/\\\/www.felmis.ch\\\/de\\\/#website\"},\"datePublished\":\"2015-04-28T13:28:54+00:00\",\"dateModified\":\"2021-06-15T07:55:33+00:00\",\"description\":\"Ihr Partner f\u00fcr Catering und Partyservice in Luzern. Alles aus einer Hand. Vorschl\u00e4ge auf unserer Website. Felmis, Adresser f\u00fcr Hotel, Restaurant, Catering\",\"breadcrumb\":{\"@id\":\"https:\\\/\\\/www.felmis.ch\\\/de\\\/partyservice-catering-luzern\\\/#breadcrumb\"},\"inLanguage\":\"de\",\"potentialAction\":[{\"@type\":\"ReadAction\",\"target\":[\"https:\\\/\\\/www.felmis.ch\\\/de\\\/partyservice-catering-luzern\\\/\"]}]},{\"@type\":\"BreadcrumbList\",\"@id\":\"https:\\\/\\\/www.felmis.ch\\\/de\\\/partyservice-catering-luzern\\\/#breadcrumb\",\"itemListElement\":[{\"@type\":\"ListItem\",\"position\":1,\"name\":\"Home\",\"item\":\"https:\\\/\\\/www.felmis.ch\\\/de\\\/\"},{\"@type\":\"ListItem\",\"position\":2,\"name\":\"Catering\"}]},{\"@type\":\"WebSite\",\"@id\":\"https:\\\/\\\/www.felmis.ch\\\/de\\\/#website\",\"url\":\"https:\\\/\\\/www.felmis.ch\\\/de\\\/\",\"name\":\"Hotel Felmis\",\"description\":\"Willkommen im Hotel Felmis\",\"potentialAction\":[{\"@type\":\"SearchAction\",\"target\":{\"@type\":\"EntryPoint\",\"urlTemplate\":\"https:\\\/\\\/www.felmis.ch\\\/de\\\/?s={search_term_string}\"},\"query-input\":{\"@type\":\"PropertyValueSpecification\",\"valueRequired\":true,\"valueName\":\"search_term_string\"}}],\"inLanguage\":\"de\"}]}<\/script>\n<!-- \/ Yoast SEO plugin. -->","yoast_head_json":{"title":"Partyservice und Catering Luzern - Hotel Felmis in Horw bei Luzern","description":"Ihr Partner f\u00fcr Catering und Partyservice in Luzern. Alles aus einer Hand. Vorschl\u00e4ge auf unserer Website. Felmis, Adresser f\u00fcr Hotel, Restaurant, Catering","robots":{"index":"index","follow":"follow","max-snippet":"max-snippet:-1","max-image-preview":"max-image-preview:large","max-video-preview":"max-video-preview:-1"},"canonical":"https:\/\/www.felmis.ch\/de\/partyservice-catering-luzern\/","og_locale":"de_DE","og_type":"article","og_title":"Partyservice und Catering Luzern - Hotel Felmis in Horw bei Luzern","og_description":"Ihr Partner f\u00fcr Catering und Partyservice in Luzern. Alles aus einer Hand. Vorschl\u00e4ge auf unserer Website. Felmis, Adresser f\u00fcr Hotel, Restaurant, Catering","og_url":"https:\/\/www.felmis.ch\/de\/partyservice-catering-luzern\/","og_site_name":"Hotel Felmis","article_publisher":"http:\/\/www.facebook.com\/hotel.felmis","article_modified_time":"2021-06-15T07:55:33+00:00","og_image":[{"url":"https:\/\/www.felmis.ch\/de\/wp-content\/uploads\/corinneandre_rep-168-150x150.jpg","type":"","width":"","height":""}],"twitter_card":"summary_large_image","twitter_misc":{"Gesch\u00e4tzte Lesezeit":"2\u00a0Minuten"},"schema":{"@context":"https:\/\/schema.org","@graph":[{"@type":"WebPage","@id":"https:\/\/www.felmis.ch\/de\/partyservice-catering-luzern\/","url":"https:\/\/www.felmis.ch\/de\/partyservice-catering-luzern\/","name":"Partyservice und Catering Luzern - Hotel Felmis in Horw bei Luzern","isPartOf":{"@id":"https:\/\/www.felmis.ch\/de\/#website"},"datePublished":"2015-04-28T13:28:54+00:00","dateModified":"2021-06-15T07:55:33+00:00","description":"Ihr Partner f\u00fcr Catering und Partyservice in Luzern. Alles aus einer Hand. Vorschl\u00e4ge auf unserer Website. Felmis, Adresser f\u00fcr Hotel, Restaurant, Catering","breadcrumb":{"@id":"https:\/\/www.felmis.ch\/de\/partyservice-catering-luzern\/#breadcrumb"},"inLanguage":"de","potentialAction":[{"@type":"ReadAction","target":["https:\/\/www.felmis.ch\/de\/partyservice-catering-luzern\/"]}]},{"@type":"BreadcrumbList","@id":"https:\/\/www.felmis.ch\/de\/partyservice-catering-luzern\/#breadcrumb","itemListElement":[{"@type":"ListItem","position":1,"name":"Home","item":"https:\/\/www.felmis.ch\/de\/"},{"@type":"ListItem","position":2,"name":"Catering"}]},{"@type":"WebSite","@id":"https:\/\/www.felmis.ch\/de\/#website","url":"https:\/\/www.felmis.ch\/de\/","name":"Hotel Felmis","description":"Willkommen im Hotel Felmis","potentialAction":[{"@type":"SearchAction","target":{"@type":"EntryPoint","urlTemplate":"https:\/\/www.felmis.ch\/de\/?s={search_term_string}"},"query-input":{"@type":"PropertyValueSpecification","valueRequired":true,"valueName":"search_term_string"}}],"inLanguage":"de"}]}},"_links":{"self":[{"href":"https:\/\/www.felmis.ch\/de\/wp-json\/wp\/v2\/pages\/733","targetHints":{"allow":["GET"]}}],"collection":[{"href":"https:\/\/www.felmis.ch\/de\/wp-json\/wp\/v2\/pages"}],"about":[{"href":"https:\/\/www.felmis.ch\/de\/wp-json\/wp\/v2\/types\/page"}],"author":[{"embeddable":true,"href":"https:\/\/www.felmis.ch\/de\/wp-json\/wp\/v2\/users\/1"}],"replies":[{"embeddable":true,"href":"https:\/\/www.felmis.ch\/de\/wp-json\/wp\/v2\/comments?post=733"}],"version-history":[{"count":0,"href":"https:\/\/www.felmis.ch\/de\/wp-json\/wp\/v2\/pages\/733\/revisions"}],"wp:attachment":[{"href":"https:\/\/www.felmis.ch\/de\/wp-json\/wp\/v2\/media?parent=733"}],"curies":[{"name":"wp","href":"https:\/\/api.w.org\/{rel}","templated":true}]}}